{"id":783,"date":"2023-10-26T11:01:16","date_gmt":"2023-10-26T09:01:16","guid":{"rendered":"https:\/\/gops-urszulin.pl\/?page_id=783"},"modified":"2025-03-06T14:17:09","modified_gmt":"2025-03-06T13:17:09","slug":"dodatek-oslonowy","status":"publish","type":"page","link":"https:\/\/gops-urszulin.pl\/index.php\/dodatek-oslonowy\/","title":{"rendered":"Dodatek os\u0142onowy"},"content":{"rendered":"<h4 style=\"text-align: center;\"><strong><span style=\"background: #a80000; color: #fff;\">UWAGA!!! Termin sk\u0142adania wniosk\u00f3w na dodatek os\u0142onowy up\u0142yn\u0105\u0142 z dniem 31.10.2022 r.<\/span><\/strong><\/h4>\n<p><strong>Dodatek os\u0142onowy<\/strong> zosta\u0142 wprowadzony, aby zrekompensowa\u0107 wzrost koszt\u00f3w energii elektrycznej, cen gazu i \u017cywno\u015bci, w ramach Rz\u0105dowej Tarczy Antyinflacyjnej.<\/p>\n<p>Dodatek ten b\u0119dzie przys\u0142ugiwa\u0142 gospodarstwom domowym, kt\u00f3re maj\u0105 przeci\u0119tne miesi\u0119czne dochody \u2013 okre\u015blane zgodnie z definicj\u0105 zawart\u0105 w ustawie o \u015bwiadczeniach rodzinnych \u2013 nieprzekraczaj\u0105ce 2100 z\u0142 w gospodarstwie jednoosobowym, b\u0105d\u017a 1500 z\u0142 na osob\u0119 w gospodarstwie wieloosobowym. Dodatek os\u0142onowy b\u0119dzie przys\u0142ugiwa\u0142 za okres od dnia 1 stycznia 2022r. do dnia 31 grudnia 2022 r., a jego wysoko\u015b\u0107 b\u0119dzie zale\u017ca\u0142a od liczby os\u00f3b wchodz\u0105cych w sk\u0142ad gospodarstwa domowego: (400\/500 z\u0142* dla jednoosobowego gospodarstwa domowego, 600\/750 z\u0142* dla 2-3 osobowego, 850 z\u0142\/1062,50 z\u0142* dla 4-5 osobowego i 1150 z\u0142\/ 1437,50 z\u0142* dla gospodarstwa sk\u0142adaj\u0105cego si\u0119 minimum z 6 os\u00f3b)\u201d<\/p>\n<p><em>* Kwota dofinansowania uzale\u017cniona od \u017ar\u00f3d\u0142a ogrzewania. W przypadku, gdy g\u0142\u00f3wnym \u017ar\u00f3d\u0142em ogrzewania gospodarstwa domowego jest kocio\u0142 na paliwo sta\u0142e, kominek, koza, ogrzewacz powietrza, trzon kuchenny, piecokuchnia, kuchnia w\u0119glowa lub piec kaflowy na paliwo sta\u0142e, zasilane w\u0119glem lub paliwami w\u0119glopochodnymi, wpisane do Centralnej Ewidencji Emisyjno\u015bci Budynk\u00f3w, przys\u0142uguje wy\u017csze \u015bwiadczenie.<\/em><\/p>\n<p><strong>Informacj\u0119 telefoniczn\u0105 mo\u017cna uzyska\u0107<\/strong><strong>, w godzinach pracy O\u015brodka, pod nr \/82\/ 571-30-44<\/strong><\/p>\n<p>Mieszka\u0144cy, kt\u00f3rzy z\u0142o\u017cyli wniosek do 31 stycznia, otrzymaj\u0105 dodatek os\u0142onowy w dw\u00f3ch r\u00f3wnych ratach do 31 marca i 2 grudnia 2022 r.. W przypadku wniosk\u00f3w z\u0142o\u017conych po 31 stycznia 2022 r. dodatek os\u0142onowy b\u0119dzie wyp\u0142acany jednorazowo.<\/p>\n<p>Wz\u00f3r wniosku o przyznanie dodatku os\u0142onowego znajduje si\u0119 w za\u0142\u0105czeniu.<\/p>\n<h4 style=\"text-align: center;\"><strong><span style=\"background: #a80000; color: #fff;\">UWAGA!!! Termin sk\u0142adania wniosk\u00f3w na dodatek os\u0142onowy up\u0142yn\u0105\u0142 z dniem 31.10.2022r.<\/span><\/strong><\/h4>\n<p>Za\u0142\u0105cznik:<\/p>\n<ul class=\"pdf-list\">\n<li><a href=\"https:\/\/gops-urszulin.pl\/wp-content\/uploads\/2023\/10\/wniosek_dodatek_oslonowy.pdf\"><i class=\"fa fa-file-pdf-o\"><\/i>Wniosek o dodatek os\u0142onowy<\/a><\/li>\n<li><a href=\"https:\/\/gops-urszulin.pl\/wp-content\/uploads\/2023\/10\/Klauzula-informacyjna-DO.pdf\"><i class=\"fa fa-file-pdf-o\"><\/i>Klauzula informacyjna do wniosku o dodatek os\u0142onowy<\/a><\/li>\n<\/ul>\n","protected":false},"excerpt":{"rendered":"<p>UWAGA!!! Termin sk\u0142adania wniosk\u00f3w na dodatek os\u0142onowy up\u0142yn\u0105\u0142 z dniem 31.10.2022 r. Dodatek os\u0142onowy zosta\u0142 wprowadzony, aby zrekompensowa\u0107 wzrost koszt\u00f3w energii elektrycznej, [&hellip;]<\/p>\n","protected":false},"author":1,"featured_media":792,"parent":0,"menu_order":0,"comment_status":"closed","ping_status":"closed","template":"","meta":{"footnotes":""},"class_list":["post-783","page","type-page","status-publish","has-post-thumbnail","hentry"],"yoast_head":"<!-- This site is optimized with the Yoast SEO plugin v27.4 - https:\/\/yoast.com\/product\/yoast-seo-wordpress\/ -->\n<title>Dodatek os\u0142onowy - Gminny O\u015brodek Pomocy Spo\u0142ecznej w Urszulinie<\/title>\n<meta name=\"description\" content=\"Informacja o warunkach uzyskania dodatku os\u0142onowego. W tym miejscu pobierzesz te\u017c wniosek o dodatek os\u0142onowy.\" \/>\n<meta name=\"robots\" content=\"index, follow, max-snippet:-1, max-image-preview:large, max-video-preview:-1\" \/>\n<link rel=\"canonical\" href=\"https:\/\/gops-urszulin.pl\/index.php\/dodatek-oslonowy\/\" \/>\n<meta property=\"og:locale\" content=\"pl_PL\" \/>\n<meta property=\"og:type\" content=\"article\" \/>\n<meta property=\"og:title\" content=\"Dodatek os\u0142onowy - Gminny O\u015brodek Pomocy Spo\u0142ecznej w Urszulinie\" \/>\n<meta property=\"og:description\" content=\"Informacja o warunkach uzyskania dodatku os\u0142onowego. W tym miejscu pobierzesz te\u017c wniosek o dodatek os\u0142onowy.\" \/>\n<meta property=\"og:url\" content=\"https:\/\/gops-urszulin.pl\/index.php\/dodatek-oslonowy\/\" \/>\n<meta property=\"og:site_name\" content=\"Gminny O\u015brodek Pomocy Spo\u0142ecznej w Urszulinie\" \/>\n<meta property=\"article:modified_time\" content=\"2025-03-06T13:17:09+00:00\" \/>\n<meta property=\"og:image\" content=\"https:\/\/gops-urszulin.pl\/wp-content\/uploads\/2023\/10\/1328x560.png\" \/>\n\t<meta property=\"og:image:width\" content=\"1328\" \/>\n\t<meta property=\"og:image:height\" content=\"560\" \/>\n\t<meta property=\"og:image:type\" content=\"image\/png\" \/>\n<meta name=\"twitter:card\" content=\"summary_large_image\" \/>\n<meta name=\"twitter:label1\" content=\"Szacowany czas czytania\" \/>\n\t<meta name=\"twitter:data1\" content=\"2 minuty\" \/>\n<script type=\"application\/ld+json\" class=\"yoast-schema-graph\">{\"@context\":\"https:\\\/\\\/schema.org\",\"@graph\":[{\"@type\":\"WebPage\",\"@id\":\"https:\\\/\\\/gops-urszulin.pl\\\/index.php\\\/dodatek-oslonowy\\\/\",\"url\":\"https:\\\/\\\/gops-urszulin.pl\\\/index.php\\\/dodatek-oslonowy\\\/\",\"name\":\"Dodatek os\u0142onowy - Gminny O\u015brodek Pomocy Spo\u0142ecznej w Urszulinie\",\"isPartOf\":{\"@id\":\"https:\\\/\\\/gops-urszulin.pl\\\/#website\"},\"primaryImageOfPage\":{\"@id\":\"https:\\\/\\\/gops-urszulin.pl\\\/index.php\\\/dodatek-oslonowy\\\/#primaryimage\"},\"image\":{\"@id\":\"https:\\\/\\\/gops-urszulin.pl\\\/index.php\\\/dodatek-oslonowy\\\/#primaryimage\"},\"thumbnailUrl\":\"https:\\\/\\\/gops-urszulin.pl\\\/wp-content\\\/uploads\\\/2023\\\/10\\\/1328x560.png\",\"datePublished\":\"2023-10-26T09:01:16+00:00\",\"dateModified\":\"2025-03-06T13:17:09+00:00\",\"description\":\"Informacja o warunkach uzyskania dodatku os\u0142onowego. W tym miejscu pobierzesz te\u017c wniosek o dodatek os\u0142onowy.\",\"breadcrumb\":{\"@id\":\"https:\\\/\\\/gops-urszulin.pl\\\/index.php\\\/dodatek-oslonowy\\\/#breadcrumb\"},\"inLanguage\":\"pl-PL\",\"potentialAction\":[{\"@type\":\"ReadAction\",\"target\":[\"https:\\\/\\\/gops-urszulin.pl\\\/index.php\\\/dodatek-oslonowy\\\/\"]}]},{\"@type\":\"ImageObject\",\"inLanguage\":\"pl-PL\",\"@id\":\"https:\\\/\\\/gops-urszulin.pl\\\/index.php\\\/dodatek-oslonowy\\\/#primaryimage\",\"url\":\"https:\\\/\\\/gops-urszulin.pl\\\/wp-content\\\/uploads\\\/2023\\\/10\\\/1328x560.png\",\"contentUrl\":\"https:\\\/\\\/gops-urszulin.pl\\\/wp-content\\\/uploads\\\/2023\\\/10\\\/1328x560.png\",\"width\":1328,\"height\":560,\"caption\":\"logo dodatku os\u0142onowego\"},{\"@type\":\"BreadcrumbList\",\"@id\":\"https:\\\/\\\/gops-urszulin.pl\\\/index.php\\\/dodatek-oslonowy\\\/#breadcrumb\",\"itemListElement\":[{\"@type\":\"ListItem\",\"position\":1,\"name\":\"Strona g\u0142\u00f3wna\",\"item\":\"https:\\\/\\\/gops-urszulin.pl\\\/\"},{\"@type\":\"ListItem\",\"position\":2,\"name\":\"Dodatek os\u0142onowy\"}]},{\"@type\":\"WebSite\",\"@id\":\"https:\\\/\\\/gops-urszulin.pl\\\/#website\",\"url\":\"https:\\\/\\\/gops-urszulin.pl\\\/\",\"name\":\"Gminny O\u015brodek Pomocy Spo\u0142ecznej w Urszulinie\",\"description\":\"\",\"potentialAction\":[{\"@type\":\"SearchAction\",\"target\":{\"@type\":\"EntryPoint\",\"urlTemplate\":\"https:\\\/\\\/gops-urszulin.pl\\\/?s={search_term_string}\"},\"query-input\":{\"@type\":\"PropertyValueSpecification\",\"valueRequired\":true,\"valueName\":\"search_term_string\"}}],\"inLanguage\":\"pl-PL\"}]}<\/script>\n<!-- \/ Yoast SEO plugin. -->","yoast_head_json":{"title":"Dodatek os\u0142onowy - Gminny O\u015brodek Pomocy Spo\u0142ecznej w Urszulinie","description":"Informacja o warunkach uzyskania dodatku os\u0142onowego. W tym miejscu pobierzesz te\u017c wniosek o dodatek os\u0142onowy.","robots":{"index":"index","follow":"follow","max-snippet":"max-snippet:-1","max-image-preview":"max-image-preview:large","max-video-preview":"max-video-preview:-1"},"canonical":"https:\/\/gops-urszulin.pl\/index.php\/dodatek-oslonowy\/","og_locale":"pl_PL","og_type":"article","og_title":"Dodatek os\u0142onowy - Gminny O\u015brodek Pomocy Spo\u0142ecznej w Urszulinie","og_description":"Informacja o warunkach uzyskania dodatku os\u0142onowego. W tym miejscu pobierzesz te\u017c wniosek o dodatek os\u0142onowy.","og_url":"https:\/\/gops-urszulin.pl\/index.php\/dodatek-oslonowy\/","og_site_name":"Gminny O\u015brodek Pomocy Spo\u0142ecznej w Urszulinie","article_modified_time":"2025-03-06T13:17:09+00:00","og_image":[{"width":1328,"height":560,"url":"https:\/\/gops-urszulin.pl\/wp-content\/uploads\/2023\/10\/1328x560.png","type":"image\/png"}],"twitter_card":"summary_large_image","twitter_misc":{"Szacowany czas czytania":"2 minuty"},"schema":{"@context":"https:\/\/schema.org","@graph":[{"@type":"WebPage","@id":"https:\/\/gops-urszulin.pl\/index.php\/dodatek-oslonowy\/","url":"https:\/\/gops-urszulin.pl\/index.php\/dodatek-oslonowy\/","name":"Dodatek os\u0142onowy - Gminny O\u015brodek Pomocy Spo\u0142ecznej w Urszulinie","isPartOf":{"@id":"https:\/\/gops-urszulin.pl\/#website"},"primaryImageOfPage":{"@id":"https:\/\/gops-urszulin.pl\/index.php\/dodatek-oslonowy\/#primaryimage"},"image":{"@id":"https:\/\/gops-urszulin.pl\/index.php\/dodatek-oslonowy\/#primaryimage"},"thumbnailUrl":"https:\/\/gops-urszulin.pl\/wp-content\/uploads\/2023\/10\/1328x560.png","datePublished":"2023-10-26T09:01:16+00:00","dateModified":"2025-03-06T13:17:09+00:00","description":"Informacja o warunkach uzyskania dodatku os\u0142onowego. W tym miejscu pobierzesz te\u017c wniosek o dodatek os\u0142onowy.","breadcrumb":{"@id":"https:\/\/gops-urszulin.pl\/index.php\/dodatek-oslonowy\/#breadcrumb"},"inLanguage":"pl-PL","potentialAction":[{"@type":"ReadAction","target":["https:\/\/gops-urszulin.pl\/index.php\/dodatek-oslonowy\/"]}]},{"@type":"ImageObject","inLanguage":"pl-PL","@id":"https:\/\/gops-urszulin.pl\/index.php\/dodatek-oslonowy\/#primaryimage","url":"https:\/\/gops-urszulin.pl\/wp-content\/uploads\/2023\/10\/1328x560.png","contentUrl":"https:\/\/gops-urszulin.pl\/wp-content\/uploads\/2023\/10\/1328x560.png","width":1328,"height":560,"caption":"logo dodatku os\u0142onowego"},{"@type":"BreadcrumbList","@id":"https:\/\/gops-urszulin.pl\/index.php\/dodatek-oslonowy\/#breadcrumb","itemListElement":[{"@type":"ListItem","position":1,"name":"Strona g\u0142\u00f3wna","item":"https:\/\/gops-urszulin.pl\/"},{"@type":"ListItem","position":2,"name":"Dodatek os\u0142onowy"}]},{"@type":"WebSite","@id":"https:\/\/gops-urszulin.pl\/#website","url":"https:\/\/gops-urszulin.pl\/","name":"Gminny O\u015brodek Pomocy Spo\u0142ecznej w Urszulinie","description":"","potentialAction":[{"@type":"SearchAction","target":{"@type":"EntryPoint","urlTemplate":"https:\/\/gops-urszulin.pl\/?s={search_term_string}"},"query-input":{"@type":"PropertyValueSpecification","valueRequired":true,"valueName":"search_term_string"}}],"inLanguage":"pl-PL"}]}},"_links":{"self":[{"href":"https:\/\/gops-urszulin.pl\/index.php\/wp-json\/wp\/v2\/pages\/783","targetHints":{"allow":["GET"]}}],"collection":[{"href":"https:\/\/gops-urszulin.pl\/index.php\/wp-json\/wp\/v2\/pages"}],"about":[{"href":"https:\/\/gops-urszulin.pl\/index.php\/wp-json\/wp\/v2\/types\/page"}],"author":[{"embeddable":true,"href":"https:\/\/gops-urszulin.pl\/index.php\/wp-json\/wp\/v2\/users\/1"}],"replies":[{"embeddable":true,"href":"https:\/\/gops-urszulin.pl\/index.php\/wp-json\/wp\/v2\/comments?post=783"}],"version-history":[{"count":4,"href":"https:\/\/gops-urszulin.pl\/index.php\/wp-json\/wp\/v2\/pages\/783\/revisions"}],"predecessor-version":[{"id":1251,"href":"https:\/\/gops-urszulin.pl\/index.php\/wp-json\/wp\/v2\/pages\/783\/revisions\/1251"}],"wp:featuredmedia":[{"embeddable":true,"href":"https:\/\/gops-urszulin.pl\/index.php\/wp-json\/wp\/v2\/media\/792"}],"wp:attachment":[{"href":"https:\/\/gops-urszulin.pl\/index.php\/wp-json\/wp\/v2\/media?parent=783"}],"curies":[{"name":"wp","href":"https:\/\/api.w.org\/{rel}","templated":true}]}}