{"id":681,"date":"2023-10-18T10:28:41","date_gmt":"2023-10-18T08:28:41","guid":{"rendered":"https:\/\/gops-urszulin.pl\/?page_id=681"},"modified":"2023-10-18T10:28:42","modified_gmt":"2023-10-18T08:28:42","slug":"fundusz-alimentacyjny","status":"publish","type":"page","link":"https:\/\/gops-urszulin.pl\/index.php\/fundusz-alimentacyjny\/","title":{"rendered":"Fundusz alimentacyjny"},"content":{"rendered":"<p class=\"intro\">\u015awiadczenia z funduszu alimentacyjnego przyznawane s\u0105 na warunkach okre\u015blonych w ustawie z dnia 7 wrze\u015bnia 2007 r. o pomocy osobom uprawnionym do aliment\u00f3w.<\/p>\n<div class=\"editor-content\">\n<h4><span style=\"color: #000000;\">Przys\u0142uguj\u0105:<\/span><\/h4>\n<ol>\n<li>obywatelom polskim;<\/li>\n<li>cudzoziemcom:<\/li>\n<\/ol>\n<ul>\n<li>je\u017celi wynika to z wi\u0105\u017c\u0105cych Rzeczpospolit\u0105 Polsk\u0105 um\u00f3w dwustronnych o zabezpieczeniu spo\u0142ecznym,<\/li>\n<li>przebywaj\u0105cym na terytorium Rzeczypospolitej Polskiej na podstawie zezwolenia na pobyt sta\u0142y, zezwolenia na pobyt rezydenta d\u0142ugoterminowego Unii Europejskiej oraz zezwolenia na pobyt czasowy udzielonego w zwi\u0105zku z okoliczno\u015bci\u0105, o kt\u00f3rej mowa w art. 186 ust. 1 pkt 3 ustawy z dnia 12 grudnia 2013 r. o cudzoziemcach.<\/li>\n<li>przebywaj\u0105cym na terytorium Rzeczypospolitej Polskiej w zwi\u0105zku z uzyskaniem statusu uchod\u017acy lub ochrony uzupe\u0142niaj\u0105cej.<\/li>\n<li><strong style=\"font-size: revert; color: initial;\">je\u017celi osoby te zamieszkuj\u0105 na terytorium Rzeczypospolitej Polskiej przez okres \u015bwiadczeniowy, w kt\u00f3rym otrzymuj\u0105 \u015bwiadczenia z funduszu alimentacyjnego<\/strong><span style=\"font-size: revert; color: initial;\">, chyba \u017ce\u00a0 dwustronne umowy mi\u0119dzynarodowe o zabezpieczeniu spo\u0142ecznym stanowi\u0105 inaczej.<\/span><\/li>\n<\/ul>\n<p>\u015awiadczenia z funduszu alimentacyjnego przys\u0142uguj\u0105 w wysoko\u015bci bie\u017c\u0105co ustalonych aliment\u00f3w, jednak\u017ce\u00a0<strong>nie wy\u017cszej ni\u017c 500 z\u0142 miesi\u0119cznie<\/strong>.<\/p>\n<p>Przyznanie prawa do \u015bwiadczenia z funduszu alimentacyjnego uzale\u017cnione jest od spe\u0142nienia kryterium dochodowego. \u015awiadczenia te przys\u0142uguj\u0105, je\u017celi doch\u00f3d rodziny w przeliczeniu na osob\u0119 w rodzinie nie przekracza miesi\u0119cznie\u00a0 kwoty\u00a0<strong>900 z\u0142<\/strong>\u00a0netto.<\/p>\n<p>Do \u015bwiadczenia z funduszu alimentacyjnego ma prawo osoba uprawniona do aliment\u00f3w od rodzica na podstawie tytu\u0142u wykonawczego pochodz\u0105cego lub zatwierdzonego przez s\u0105d, je\u017celi egzekucja okaza\u0142a si\u0119 bezskuteczna.<\/p>\n<h4><strong>Bezskuteczno\u015b\u0107 egzekucji w rozumieniu ustawy o pomocy osobom uprawnionym do aliment\u00f3w oznacza egzekucj\u0119, w wyniku kt\u00f3rej w okresie ostatnich dw\u00f3ch miesi\u0119cy nie wyegzekwowano pe\u0142nej nale\u017cno\u015bci z tytu\u0142u zaleg\u0142ych i bie\u017c\u0105cych zobowi\u0105za\u0144 alimentacyjnych, albo post\u0119powanie upad\u0142o\u015bciowe, w toku kt\u00f3rego w okresie ostatnich dw\u00f3ch miesi\u0119cy nie otrzymano pe\u0142nej nale\u017cno\u015bci z tytu\u0142u zaleg\u0142ych i bie\u017c\u0105cych zobowi\u0105za\u0144 alimentacyjnych.<\/strong><\/h4>\n<p>Za bezskuteczn\u0105 egzekucj\u0119 uwa\u017ca si\u0119 r\u00f3wnie\u017c niemo\u017cno\u015b\u0107 wszcz\u0119cia lub prowadzenia egzekucji aliment\u00f3w przeciwko d\u0142u\u017cnikowi alimentacyjnemu przebywaj\u0105cemu poza granicami Rzeczypospolitej Polskiej, w szczeg\u00f3lno\u015bci z powodu:<\/p>\n<ul>\n<li>braku podstawy prawnej do poj\u0119cia czynno\u015bci zmierzaj\u0105cych do wykonania tytu\u0142u wykonawczego w miejscu zamieszkania d\u0142u\u017cnika,<\/li>\n<li>braku mo\u017cliwo\u015bci wskazania przez osob\u0119 uprawnion\u0105 miejsca zamieszkania d\u0142u\u017cnika alimentacyjnego za granic\u0105.<\/li>\n<\/ul>\n<p><strong>\u015awiadczenia z funduszu alimentacyjnego przys\u0142uguj\u0105 osobie uprawnionej do uko\u0144czenia przez ni\u0105 18 roku \u017cycia albo w przypadku gdy uczy si\u0119 w szkole lub szkole wy\u017cszej do uko\u0144czenia przez ni\u0105 25 roku \u017cycia, albo w przypadku posiadania orzeczenia o znacznym stopniu niepe\u0142nosprawno\u015bci &#8211; bezterminowo.<\/strong><\/p>\n<p>Zmiany w wysoko\u015bci \u015bwiadcze\u0144 z funduszu alimentacyjnego na skutek zmiany wysoko\u015bci zas\u0105dzonych aliment\u00f3w dokonuje si\u0119 po wp\u0142ywie tytu\u0142u wykonawczego do komornika s\u0105dowego prowadz\u0105cego post\u0119powanie egzekucyjne, od miesi\u0105ca, w kt\u00f3rym nast\u0105pi\u0142a zmiana wysoko\u015bci zas\u0105dzonych aliment\u00f3w.<\/p>\n<h4><strong>\u015awiadczenia z funduszu alimentacyjnego nie przys\u0142uguj\u0105, je\u017celi osoba uprawniona:<\/strong><\/h4>\n<ul>\n<li>zosta\u0142a umieszczona w instytucji zapewniaj\u0105cej ca\u0142odobowe utrzymanie lub w pieczy zast\u0119pczej;<\/li>\n<li>zawar\u0142a zwi\u0105zek ma\u0142\u017ce\u0144ski.<\/li>\n<\/ul>\n<\/div>\n\n\n<hr class=\"wp-block-separator has-alpha-channel-opacity\"\/>\n\n\n<ul class=\"wp-block-latest-posts__list wp-block-latest-posts\"><li><a class=\"wp-block-latest-posts__post-title\" href=\"https:\/\/gops-urszulin.pl\/index.php\/2025\/07\/11\/nabor-wnioskow-na-okres-2025-2026\/\">Nab\u00f3r wniosk\u00f3w na okres 2025\/2026<\/a><div class=\"wp-block-latest-posts__post-excerpt\">Informacja o mo\u017cliwo\u015bci sk\u0142adania wniosk\u00f3w o \u015bwiadczenia rodzinne oraz \u015bwiadczenia z funduszu alimentacyjnego na nowy okres 2025\/2026<\/div><\/li>\n<li><a class=\"wp-block-latest-posts__post-title\" href=\"https:\/\/gops-urszulin.pl\/index.php\/2025\/03\/03\/rozszerzenie-definicji-uzyskania-i-utraty-dochodu-w-swiadczeniach-rodzinny-i-funduszu-alimentacyjnym\/\">Rozszerzenie definicji uzyskania i utraty dochodu w \u015bwiadczeniach rodzinny i funduszu alimentacyjnym<\/a><div class=\"wp-block-latest-posts__post-excerpt\">Rozszerzenie definicji uzyskania i utraty dochodu w ustawie o \u015bwiadczeniach rodzinnych oraz ustawie o pomocy osobom uprawnionym do aliment\u00f3w.<\/div><\/li>\n<li><a class=\"wp-block-latest-posts__post-title\" href=\"https:\/\/gops-urszulin.pl\/index.php\/2024\/12\/20\/zmiana-maksymalnej-wysokosci-swiadczen-z-funduszu-alimentacyjnego\/\">Zmiana maksymalnej wysoko\u015bci \u015bwiadcze\u0144 z funduszu alimentacyjnego<\/a><div class=\"wp-block-latest-posts__post-excerpt\">Uprzejmie informujemy, \u017ce 12 grudnia 2024 r. wesz\u0142a w \u017cycie ustawa zmieniaj\u0105ca maksymaln\u0105 wysoko\u015bci \u015bwiadcze\u0144 z funduszu alimentacyjnego<\/div><\/li>\n<li><a class=\"wp-block-latest-posts__post-title\" href=\"https:\/\/gops-urszulin.pl\/index.php\/2020\/09\/17\/swiadczenia-z-funduszu-alimentacyjnego\/\">\u015awiadczenia z funduszu alimentacyjnego<\/a><div class=\"wp-block-latest-posts__post-excerpt\">Informacja dla os\u00f3b sk\u0142adaj\u0105cych wniosek o \u015bwiadczenie z funduszu alimentacyjnego  \n<\/div><\/li>\n<li><a class=\"wp-block-latest-posts__post-title\" href=\"https:\/\/gops-urszulin.pl\/index.php\/2020\/09\/17\/kryterium-dochodowe-fundusz-alimentacyjny\/\">Kryterium dochodowe &#8211; fundusz alimentacyjny<\/a><div class=\"wp-block-latest-posts__post-excerpt\">Informacja o kryterium dochodowym, a tak\u017ce opis mechanizmu &#8222;z\u0142ot\u00f3wka z z\u0142ot\u00f3wk\u0119&#8221; w funduszu, uzyskania dochodu oraz utraty dochodu<\/div><\/li>\n<\/ul>","protected":false},"excerpt":{"rendered":"<p>\u015awiadczenia z funduszu alimentacyjnego przyznawane s\u0105 na warunkach okre\u015blonych w ustawie z dnia 7 wrze\u015bnia 2007 r. o pomocy osobom uprawnionym do [&hellip;]<\/p>\n","protected":false},"author":1,"featured_media":0,"parent":0,"menu_order":0,"comment_status":"closed","ping_status":"closed","template":"","meta":{"footnotes":""},"class_list":["post-681","page","type-page","status-publish","hentry"],"yoast_head":"<!-- This site is optimized with the Yoast SEO plugin v27.4 - https:\/\/yoast.com\/product\/yoast-seo-wordpress\/ -->\n<title>Fundusz alimentacyjny - Gminny O\u015brodek Pomocy Spo\u0142ecznej w Urszulinie<\/title>\n<meta name=\"description\" content=\"Og\u00f3lne informacje o \u015bwiadczeniach z funduszu alimentacyjnego, jakie warunki trzeba spe\u0142ni\u0107 aby uzyska\u0107 niniejsze \u015bwiadczenie.\" \/>\n<meta name=\"robots\" content=\"index, follow, max-snippet:-1, max-image-preview:large, max-video-preview:-1\" \/>\n<link rel=\"canonical\" href=\"https:\/\/gops-urszulin.pl\/index.php\/fundusz-alimentacyjny\/\" \/>\n<meta property=\"og:locale\" content=\"pl_PL\" \/>\n<meta property=\"og:type\" content=\"article\" \/>\n<meta property=\"og:title\" content=\"Fundusz alimentacyjny - Gminny O\u015brodek Pomocy Spo\u0142ecznej w Urszulinie\" \/>\n<meta property=\"og:description\" content=\"Og\u00f3lne informacje o \u015bwiadczeniach z funduszu alimentacyjnego, jakie warunki trzeba spe\u0142ni\u0107 aby uzyska\u0107 niniejsze \u015bwiadczenie.\" \/>\n<meta property=\"og:url\" content=\"https:\/\/gops-urszulin.pl\/index.php\/fundusz-alimentacyjny\/\" \/>\n<meta property=\"og:site_name\" content=\"Gminny O\u015brodek Pomocy Spo\u0142ecznej w Urszulinie\" \/>\n<meta property=\"article:modified_time\" content=\"2023-10-18T08:28:42+00:00\" \/>\n<meta name=\"twitter:card\" content=\"summary_large_image\" \/>\n<meta name=\"twitter:label1\" content=\"Szacowany czas czytania\" \/>\n\t<meta name=\"twitter:data1\" content=\"3 minuty\" \/>\n<script type=\"application\/ld+json\" class=\"yoast-schema-graph\">{\"@context\":\"https:\\\/\\\/schema.org\",\"@graph\":[{\"@type\":\"WebPage\",\"@id\":\"https:\\\/\\\/gops-urszulin.pl\\\/index.php\\\/fundusz-alimentacyjny\\\/\",\"url\":\"https:\\\/\\\/gops-urszulin.pl\\\/index.php\\\/fundusz-alimentacyjny\\\/\",\"name\":\"Fundusz alimentacyjny - Gminny O\u015brodek Pomocy Spo\u0142ecznej w Urszulinie\",\"isPartOf\":{\"@id\":\"https:\\\/\\\/gops-urszulin.pl\\\/#website\"},\"datePublished\":\"2023-10-18T08:28:41+00:00\",\"dateModified\":\"2023-10-18T08:28:42+00:00\",\"description\":\"Og\u00f3lne informacje o \u015bwiadczeniach z funduszu alimentacyjnego, jakie warunki trzeba spe\u0142ni\u0107 aby uzyska\u0107 niniejsze \u015bwiadczenie.\",\"breadcrumb\":{\"@id\":\"https:\\\/\\\/gops-urszulin.pl\\\/index.php\\\/fundusz-alimentacyjny\\\/#breadcrumb\"},\"inLanguage\":\"pl-PL\",\"potentialAction\":[{\"@type\":\"ReadAction\",\"target\":[\"https:\\\/\\\/gops-urszulin.pl\\\/index.php\\\/fundusz-alimentacyjny\\\/\"]}]},{\"@type\":\"BreadcrumbList\",\"@id\":\"https:\\\/\\\/gops-urszulin.pl\\\/index.php\\\/fundusz-alimentacyjny\\\/#breadcrumb\",\"itemListElement\":[{\"@type\":\"ListItem\",\"position\":1,\"name\":\"Strona g\u0142\u00f3wna\",\"item\":\"https:\\\/\\\/gops-urszulin.pl\\\/\"},{\"@type\":\"ListItem\",\"position\":2,\"name\":\"Fundusz alimentacyjny\"}]},{\"@type\":\"WebSite\",\"@id\":\"https:\\\/\\\/gops-urszulin.pl\\\/#website\",\"url\":\"https:\\\/\\\/gops-urszulin.pl\\\/\",\"name\":\"Gminny O\u015brodek Pomocy Spo\u0142ecznej w Urszulinie\",\"description\":\"\",\"potentialAction\":[{\"@type\":\"SearchAction\",\"target\":{\"@type\":\"EntryPoint\",\"urlTemplate\":\"https:\\\/\\\/gops-urszulin.pl\\\/?s={search_term_string}\"},\"query-input\":{\"@type\":\"PropertyValueSpecification\",\"valueRequired\":true,\"valueName\":\"search_term_string\"}}],\"inLanguage\":\"pl-PL\"}]}<\/script>\n<!-- \/ Yoast SEO plugin. -->","yoast_head_json":{"title":"Fundusz alimentacyjny - Gminny O\u015brodek Pomocy Spo\u0142ecznej w Urszulinie","description":"Og\u00f3lne informacje o \u015bwiadczeniach z funduszu alimentacyjnego, jakie warunki trzeba spe\u0142ni\u0107 aby uzyska\u0107 niniejsze \u015bwiadczenie.","robots":{"index":"index","follow":"follow","max-snippet":"max-snippet:-1","max-image-preview":"max-image-preview:large","max-video-preview":"max-video-preview:-1"},"canonical":"https:\/\/gops-urszulin.pl\/index.php\/fundusz-alimentacyjny\/","og_locale":"pl_PL","og_type":"article","og_title":"Fundusz alimentacyjny - Gminny O\u015brodek Pomocy Spo\u0142ecznej w Urszulinie","og_description":"Og\u00f3lne informacje o \u015bwiadczeniach z funduszu alimentacyjnego, jakie warunki trzeba spe\u0142ni\u0107 aby uzyska\u0107 niniejsze \u015bwiadczenie.","og_url":"https:\/\/gops-urszulin.pl\/index.php\/fundusz-alimentacyjny\/","og_site_name":"Gminny O\u015brodek Pomocy Spo\u0142ecznej w Urszulinie","article_modified_time":"2023-10-18T08:28:42+00:00","twitter_card":"summary_large_image","twitter_misc":{"Szacowany czas czytania":"3 minuty"},"schema":{"@context":"https:\/\/schema.org","@graph":[{"@type":"WebPage","@id":"https:\/\/gops-urszulin.pl\/index.php\/fundusz-alimentacyjny\/","url":"https:\/\/gops-urszulin.pl\/index.php\/fundusz-alimentacyjny\/","name":"Fundusz alimentacyjny - Gminny O\u015brodek Pomocy Spo\u0142ecznej w Urszulinie","isPartOf":{"@id":"https:\/\/gops-urszulin.pl\/#website"},"datePublished":"2023-10-18T08:28:41+00:00","dateModified":"2023-10-18T08:28:42+00:00","description":"Og\u00f3lne informacje o \u015bwiadczeniach z funduszu alimentacyjnego, jakie warunki trzeba spe\u0142ni\u0107 aby uzyska\u0107 niniejsze \u015bwiadczenie.","breadcrumb":{"@id":"https:\/\/gops-urszulin.pl\/index.php\/fundusz-alimentacyjny\/#breadcrumb"},"inLanguage":"pl-PL","potentialAction":[{"@type":"ReadAction","target":["https:\/\/gops-urszulin.pl\/index.php\/fundusz-alimentacyjny\/"]}]},{"@type":"BreadcrumbList","@id":"https:\/\/gops-urszulin.pl\/index.php\/fundusz-alimentacyjny\/#breadcrumb","itemListElement":[{"@type":"ListItem","position":1,"name":"Strona g\u0142\u00f3wna","item":"https:\/\/gops-urszulin.pl\/"},{"@type":"ListItem","position":2,"name":"Fundusz alimentacyjny"}]},{"@type":"WebSite","@id":"https:\/\/gops-urszulin.pl\/#website","url":"https:\/\/gops-urszulin.pl\/","name":"Gminny O\u015brodek Pomocy Spo\u0142ecznej w Urszulinie","description":"","potentialAction":[{"@type":"SearchAction","target":{"@type":"EntryPoint","urlTemplate":"https:\/\/gops-urszulin.pl\/?s={search_term_string}"},"query-input":{"@type":"PropertyValueSpecification","valueRequired":true,"valueName":"search_term_string"}}],"inLanguage":"pl-PL"}]}},"_links":{"self":[{"href":"https:\/\/gops-urszulin.pl\/index.php\/wp-json\/wp\/v2\/pages\/681","targetHints":{"allow":["GET"]}}],"collection":[{"href":"https:\/\/gops-urszulin.pl\/index.php\/wp-json\/wp\/v2\/pages"}],"about":[{"href":"https:\/\/gops-urszulin.pl\/index.php\/wp-json\/wp\/v2\/types\/page"}],"author":[{"embeddable":true,"href":"https:\/\/gops-urszulin.pl\/index.php\/wp-json\/wp\/v2\/users\/1"}],"replies":[{"embeddable":true,"href":"https:\/\/gops-urszulin.pl\/index.php\/wp-json\/wp\/v2\/comments?post=681"}],"version-history":[{"count":1,"href":"https:\/\/gops-urszulin.pl\/index.php\/wp-json\/wp\/v2\/pages\/681\/revisions"}],"predecessor-version":[{"id":682,"href":"https:\/\/gops-urszulin.pl\/index.php\/wp-json\/wp\/v2\/pages\/681\/revisions\/682"}],"wp:attachment":[{"href":"https:\/\/gops-urszulin.pl\/index.php\/wp-json\/wp\/v2\/media?parent=681"}],"curies":[{"name":"wp","href":"https:\/\/api.w.org\/{rel}","templated":true}]}}