{"id":6,"date":"2023-10-03T10:54:49","date_gmt":"2023-10-03T10:54:49","guid":{"rendered":"https:\/\/gops-urszulin.pl\/?page_id=6"},"modified":"2025-03-20T11:32:25","modified_gmt":"2025-03-20T10:32:25","slug":"pomoc-spoleczna","status":"publish","type":"page","link":"https:\/\/gops-urszulin.pl\/index.php\/pomoc-spoleczna\/","title":{"rendered":"Pomoc spo\u0142eczna"},"content":{"rendered":"<header>\n<p class=\"title\"><span style=\"font-family: inherit; font-size: inherit; background-color: var(--wp--preset--color--background); color: var(--wp--preset--color--foreground);\">Pomoc spo\u0142eczna jest instytucj\u0105 polityki spo\u0142ecznej pa\u0144stwa, maj\u0105c\u0105 na celu umo\u017cliwienie osobom i rodzinom przezwyci\u0119\u017canie trudnych sytuacji \u017cyciowych, kt\u00f3rych nie s\u0105 one w stanie pokona\u0107, wykorzystuj\u0105c w\u0142asne uprawnienia, zasoby i mo\u017cliwo\u015bci.<\/span><\/p>\n<\/header>\n<div class=\"tresc\">\n<p>Pomoc spo\u0142eczna wspiera osoby i rodziny w wysi\u0142kach zmierzaj\u0105cych do zaspokojenia niezb\u0119dnych potrzeb i umo\u017cliwia im \u017cycie w warunkach odpowiadaj\u0105cych godno\u015bci cz\u0142owieka. Zadaniem pomocy spo\u0142ecznej jest tak\u017ce zapobieganie trudnym sytuacjom \u017cyciowym przez podejmowanie dzia\u0142a\u0144 zmierzaj\u0105cych do \u017cyciowego usamodzielnienia os\u00f3b i rodzin oraz ich integracji ze \u015brodowiskiem.<\/p>\n<p>Pomoc spo\u0142eczn\u0105 organizuj\u0105 organy administracji rz\u0105dowej (minister w\u0142a\u015bciwy do spraw zabezpieczenia spo\u0142ecznego, wojewodowie) i samorz\u0105dowej (marsza\u0142kowie wojew\u00f3dztw, starostowie na poziomie powiat\u00f3w oraz w\u00f3jtowie, burmistrzowie (prezydenci miast) na poziomie gmin. Organy te realizuj\u0105c zadania pomocy spo\u0142ecznej wsp\u00f3\u0142pracuj\u0105, na zasadzie partnerstwa, z organizacjami spo\u0142ecznymi i pozarz\u0105dowymi, Ko\u015bcio\u0142em Katolickim, innymi ko\u015bcio\u0142ami, zwi\u0105zkami wyznaniowymi oraz osobami fizycznymi i prawnymi.<\/p>\n<p>Osoby i rodziny korzystaj\u0105ce z pomocy spo\u0142ecznej s\u0105 obowi\u0105zane do wsp\u00f3\u0142dzia\u0142ania w rozwi\u0105zywaniu ich trudnej sytuacji \u017cyciowej.<\/p>\n<p>Prawo do \u015bwiadcze\u0144 z pomocy spo\u0142ecznej, je\u017celi umowy mi\u0119dzynarodowe nie stanowi\u0105 inaczej,\u00a0przys\u0142uguje:<\/p>\n<ol>\n<li>osobom posiadaj\u0105cym obywatelstwo polskie maj\u0105cym miejsce zamieszkania i przebywaj\u0105cym na terytorium Rzeczypospolitej Polskiej;<\/li>\n<li>cudzoziemcom maj\u0105cym miejsce zamieszkania i przebywaj\u0105cym na terytorium Rzeczypospolitej Polskiej:\n<ol>\n<li>na podstawie zezwolenia na pobyt sta\u0142y, zezwolenia na pobyt rezydenta d\u0142ugoterminowego Unii Europejskiej, zezwolenia na pobyt czasowy udzielonego w zwi\u0105zku z okoliczno\u015bci\u0105, o kt\u00f3rej mowa w art. 159 ust. 1 pkt 1 lit. c lub d lub w art. 186 ust. 1 pkt 3 ustawy z dnia 12 grudnia 2013 r. o cudzoziemcach (Dz. U. z 2020\u00a0r.\u00a0 poz. 35), lub w zwi\u0105zku z uzyskaniem w Rzeczypospolitej Polskiej statusu uchod\u017acy lub ochrony uzupe\u0142niaj\u0105cej,<\/li>\n<li>w zwi\u0105zku z uzyskaniem w Rzeczypospolitej Polskiej zgody na pobyt ze wzgl\u0119d\u00f3w humanitarnych lub zgody na pobyt tolerowany &#8211; w formie schronienia, posi\u0142ku, niezb\u0119dnego ubrania oraz zasi\u0142ku celowego;<\/li>\n<\/ol>\n<\/li>\n<li>maj\u0105cym miejsce zamieszkania i przebywaj\u0105cym na terytorium Rzeczypospolitej Polskiej obywatelom pa\u0144stw cz\u0142onkowskich Unii Europejskiej, pa\u0144stw cz\u0142onkowskich Europejskiego Porozumienia o Wolnym Handlu (EFTA) &#8211; stron umowy o Europejskim Obszarze Gospodarczym lub Konfederacji Szwajcarskiej oraz cz\u0142onkom ich rodzin w rozumieniu art. 2 pkt 4 ustawy z dnia 14 lipca 2006 r. o wje\u017adzie na terytorium Rzeczypospolitej Polskiej, pobycie oraz wyje\u017adzie z tego terytorium obywateli pa\u0144stw cz\u0142onkowskich Unii Europejskiej i cz\u0142onk\u00f3w ich rodzin (Dz. U. z 2019\u00a0r. poz. 293), posiadaj\u0105cym prawo pobytu lub prawo sta\u0142ego pobytu na terytorium Rzeczypospolitej Polskiej.<\/li>\n<\/ol>\n<p>Prawo do \u015bwiadcze\u0144 w formie interwencji kryzysowej, schronienia, posi\u0142ku, niezb\u0119dnego ubrania oraz zasi\u0142ku celowego przys\u0142uguje:<\/p>\n<ul>\n<li>cudzoziemcom przebywaj\u0105cym na terytorium Rzeczypospolitej Polskiej na podstawie za\u015bwiadczenia, o kt\u00f3rym mowa w art. 170 ustawy z dnia 12 grudnia 2013 r. o cudzoziemcach, lub<\/li>\n<li>\u00a0cudzoziemcom przebywaj\u0105cym na terytorium Rzeczypospolitej Polskiej na podstawie zezwolenia, o kt\u00f3rym mowa w art. 176 ustawy z dnia 12 grudnia 2013 r. o cudzoziemcach, lub<\/li>\n<li>\u00a0obywatelom pa\u0144stw cz\u0142onkowskich Unii Europejskiej, pa\u0144stw cz\u0142onkowskich Europejskiego Porozumienia o Wolnym Handlu (EFTA) &#8211; stron umowy o Europejskim Obszarze Gospodarczym lub Konfederacji Szwajcarskiej oraz cz\u0142onkom ich rodzin w rozumieniu art. 2 pkt 4 ustawy z dnia 14 lipca 2006 r. o wje\u017adzie na terytorium Rzeczypospolitej Polskiej, pobycie oraz wyje\u017adzie z tego terytorium obywateli pa\u0144stw cz\u0142onkowskich Unii Europejskiej i cz\u0142onk\u00f3w ich rodzin posiadaj\u0105cym za\u015bwiadczenie, o kt\u00f3rym mowa w art. 41a ust. 1 tej ustawy.<\/li>\n<\/ul>\n<p><strong>G\u0142\u00f3wne cele pomocy spo\u0142ecznej:<\/strong><\/p>\n<ul>\n<li>wsparcie os\u00f3b i rodzin w przezwyci\u0119\u017ceniu trudnej sytuacji \u017cyciowej, doprowadzenie &#8211; w miar\u0119 mo\u017cliwo\u015bci &#8211; do ich \u017cyciowego usamodzielniania i umo\u017cliwienie im \u017cycia w warunkach odpowiadaj\u0105cych godno\u015bci cz\u0142owieka,<\/li>\n<li>zapewnienie dochodu na poziomie interwencji socjalnej \u2013 dla os\u00f3b nie posiadaj\u0105cych dochodu lub o niskich dochodach, w wieku poprodukcyjnym i osobom niepe\u0142nosprawnym,<\/li>\n<li>zapewnienie dochodu do wysoko\u015bci poziomu interwencji socjalnej osobom i rodzinom o niskich dochodach, kt\u00f3re wymagaj\u0105 okresowego wsparcia,<\/li>\n<li>zapewnienie profesjonalnej pomocy rodzinom dotkni\u0119tym skutkami patologii spo\u0142ecznej, w tym przemoc\u0105 w rodzinie,<\/li>\n<li>integracja ze \u015brodowiskiem os\u00f3b wykluczonych spo\u0142ecznie,<\/li>\n<li>stworzenie sieci us\u0142ug socjalnych adekwatnych do potrzeb w tym zakresie.<\/li>\n<\/ul>\n<p><strong>Pomoc spo\u0142eczna polega w szczeg\u00f3lno\u015bci na:<\/strong><\/p>\n<ul>\n<li>przyznawaniu i wyp\u0142acaniu \u015bwiadcze\u0144,<\/li>\n<li>pracy socjalnej,<\/li>\n<li>prowadzeniu i rozwoju niezb\u0119dnej infrastruktury socjalnej,<\/li>\n<li>analizie i ocenie zjawisk rodz\u0105cych zapotrzebowanie na \u015bwiadczenia z pomocy spo\u0142ecznej,<\/li>\n<li>realizacji zada\u0144 wynikaj\u0105cych z rozeznanych potrzeb spo\u0142ecznych,<\/li>\n<li>rozwijaniu nowych form pomocy spo\u0142ecznej i samopomocy w ramach zidentyfikowanych potrzeb.<\/li>\n<\/ul>\n<p><strong>Zasady udzielania pomocy spo\u0142ecznej<\/strong><\/p>\n<p>\u015awiadczenia pomocy spo\u0142ecznej udzielane s\u0105 na wniosek:<\/p>\n<ul>\n<li>osoby zainteresowanej,<\/li>\n<li>jej przedstawiciela ustawowego,<\/li>\n<li>innej osoby, za zgod\u0105 osoby zainteresowanej lub jej przedstawiciela ustawowego.<\/li>\n<\/ul>\n<p>Pomoc spo\u0142eczna mo\u017ce by\u0107 tak\u017ce udzielana z urz\u0119du.<\/p>\n<p>Osoba lub rodzina ubiegaj\u0105ca si\u0119 o pomoc spo\u0142eczn\u0105 mo\u017ce zg\u0142osi\u0107 si\u0119 do o\u015brodka pomocy spo\u0142ecznej w miejscu zamieszkania (o\u015brodki znajduj\u0105 si\u0119 w ka\u017cdej gminie). Decyzje o przyznaniu lub odmowie przyznania pomocy wymagaj\u0105 uprzednio przeprowadzenia przez pracownika socjalnego rodzinnego wywiadu \u015brodowiskowego. Decyzje w sprawach \u015bwiadcze\u0144 pomocy spo\u0142ecznej wydawane s\u0105 w formie decyzji administracyjnej.\u00a0Od ka\u017cdej decyzji s\u0142u\u017cy prawo odwo\u0142ania.<\/p>\n<p>Prawo do \u015bwiadcze\u0144 pieni\u0119\u017cnych przys\u0142uguje osobom i rodzinom, kt\u00f3rych posiadane dochody nie przekraczaj\u0105 kryteri\u00f3w dochodowych ustalonych w oparciu o pr\u00f3g interwencji socjalnej.\u00a0\u00a0Od dnia\u00a01 stycznia 2022r.\u00a0\u00a0kryterium dochodowym dla osoby samotnie gospodaruj\u0105cej b\u0119dzie doch\u00f3d nie przekraczaj\u0105cy kwoty\u00a0<strong>776 z\u0142,<\/strong>\u00a0natomiast dla osoby w rodzinie \u2013 kwota\u00a0<strong>600 z\u0142<\/strong>.\u00a0Rada gminy, w drodze uchwa\u0142y, mo\u017ce podwy\u017cszy\u0107 kwoty uprawniaj\u0105ce do zasi\u0142k\u00f3w okresowego i celowego.<\/p>\n<p>Pomoc spo\u0142eczna od dnia 1 maja 2004 r. funkcjonuje na podstawie\u00a0<strong>ustawy z dnia 12 marca 2004 r. o pomocy spo\u0142ecznej<\/strong>\u00a0 (Dz. U. z 2020 r. poz. 1876 i 2369 oraz z 2021 r. poz. 794 i 803).<\/p>\n<\/div>\n\n\n<hr class=\"wp-block-separator has-alpha-channel-opacity\"\/>\n\n\n<ul class=\"wp-block-latest-posts__list is-grid columns-3 wp-block-latest-posts\"><li><a class=\"wp-block-latest-posts__post-title\" href=\"https:\/\/gops-urszulin.pl\/index.php\/2026\/01\/28\/realizacja-programu-fundusze-europejskie-na-pomoc-zywnosciowa-2021-2027-2\/\">Realizacja Programu Fundusze Europejskie na Pomoc \u017bywno\u015bciow\u0105 2021-2027<\/a><div class=\"wp-block-latest-posts__post-excerpt\">W ramach Podprogramu 2025 pomoc\u0105 \u017cywno\u015bciow\u0105 mog\u0105 by\u0107 obj\u0119te osoby i rodziny znajduj\u0105ce si\u0119 w trudnej sytuacji \u017cyciowej.<\/div><\/li>\n<li><a class=\"wp-block-latest-posts__post-title\" href=\"https:\/\/gops-urszulin.pl\/index.php\/2026\/01\/28\/poszukiwanie-rodziny-wspierajacej-2\/\">Poszukiwanie Rodziny Wspieraj\u0105cej<\/a><div class=\"wp-block-latest-posts__post-excerpt\">Poszukujemy rodzin, kt\u00f3re bezinteresownie b\u0119d\u0105 chcia\u0142y pomaga\u0107 innym w poszukiwaniu rozwi\u0105za\u0144 trudnych sytuacji przy wsp\u00f3\u0142pracy z asystentem rodziny oraz pracownikiem socjalnym.<\/div><\/li>\n<li><a class=\"wp-block-latest-posts__post-title\" href=\"https:\/\/gops-urszulin.pl\/index.php\/2025\/01\/23\/nowe-kryterium-dochodowe-na-rok-2025\/\">Nowe kryterium dochodowe na rok 2025<\/a><div class=\"wp-block-latest-posts__post-excerpt\">Informacja o nowelizacji kryterium dochodowego od 1 stycznia 2025 uprawniaj\u0105ce do przyznania \u015bwiadcze\u0144 z pomocy spo\u0142ecznej<\/div><\/li>\n<li><a class=\"wp-block-latest-posts__post-title\" href=\"https:\/\/gops-urszulin.pl\/index.php\/2025\/01\/23\/posilek-w-szkole-i-w-domu-zmiana-kryterium-2\/\">Posi\u0142ek w szkole i w domu &#8211; zmiana kryterium<\/a><div class=\"wp-block-latest-posts__post-excerpt\">Zmianie ulega kryterium dochodowe w ramach programu \u201ePosi\u0142ek w szkole i w domu\u201d. Zach\u0119camy do sk\u0142adania wniosk\u00f3w na do\u017cywianie.<\/div><\/li>\n<li><a class=\"wp-block-latest-posts__post-title\" href=\"https:\/\/gops-urszulin.pl\/index.php\/2023\/11\/06\/realizacja-programu-fundusze-europejskie-na-pomoc-zywnosciowa-2021-2027\/\">Realizacja Programu Fundusze Europejskie na Pomoc \u017bywno\u015bciow\u0105 2021-2027<\/a><div class=\"wp-block-latest-posts__post-excerpt\">W ramach Podprogramu 2023 pomoc\u0105 \u017cywno\u015bciow\u0105 mog\u0105 by\u0107 obj\u0119te osoby i rodziny znajduj\u0105ce si\u0119 w trudnej sytuacji \u017cyciowej.<\/div><\/li>\n<li><a class=\"wp-block-latest-posts__post-title\" href=\"https:\/\/gops-urszulin.pl\/index.php\/2023\/02\/12\/posilek-w-szkole-i-w-domu-zmiana-kryterium\/\">Posi\u0142ek w szkole i w domu &#8211; zmiana kryterium<\/a><div class=\"wp-block-latest-posts__post-excerpt\">Zmianie ulega kryterium dochodowe w ramach programu \u201ePosi\u0142ek w szkole i w domu\u201d. Zach\u0119camy do sk\u0142adania wniosk\u00f3w na do\u017cywianie.<\/div><\/li>\n<li><a class=\"wp-block-latest-posts__post-title\" href=\"https:\/\/gops-urszulin.pl\/index.php\/2023\/01\/02\/opieka-75\/\">Opieka 75+<\/a><div class=\"wp-block-latest-posts__post-excerpt\">Og\u00f3lne informacje o dzia\u0142aniu programu &#8222;Opieka 75+&#8221;<\/div><\/li>\n<li><a class=\"wp-block-latest-posts__post-title\" href=\"https:\/\/gops-urszulin.pl\/index.php\/2023\/01\/02\/uslugi-opiekuncze-zasady-przyznawania-odplatnosci\/\">Us\u0142ugi opieku\u0144cze &#8211; zasady przyznawania, odp\u0142atno\u015bci<\/a><div class=\"wp-block-latest-posts__post-excerpt\">Uchwa\u0142y Rady Gminy Urszulin okre\u015blaj\u0105ce zasady przyznawania i odp\u0142atno\u015bci za us\u0142ugi opieku\u0144cze<\/div><\/li>\n<li><a class=\"wp-block-latest-posts__post-title\" href=\"https:\/\/gops-urszulin.pl\/index.php\/2022\/08\/01\/pracownicy-socjalni-rejony-zadania\/\">Pracownicy socjalni: rejony, zadania<\/a><div class=\"wp-block-latest-posts__post-excerpt\">Wykaz rejon\u00f3w pracy socjalnej z podzia\u0142em na pracownik\u00f3w socjalnych wraz z informacj\u0105 o zadaniach pracownika socjalnego<\/div><\/li>\n<\/ul>","protected":false},"excerpt":{"rendered":"<p>Pomoc spo\u0142eczna jest instytucj\u0105 polityki spo\u0142ecznej pa\u0144stwa, maj\u0105c\u0105 na celu umo\u017cliwienie osobom i rodzinom przezwyci\u0119\u017canie trudnych sytuacji \u017cyciowych, kt\u00f3rych nie s\u0105 one [&hellip;]<\/p>\n","protected":false},"author":1,"featured_media":0,"parent":0,"menu_order":0,"comment_status":"closed","ping_status":"closed","template":"","meta":{"footnotes":""},"class_list":["post-6","page","type-page","status-publish","hentry"],"yoast_head":"<!-- This site is optimized with the Yoast SEO plugin v27.4 - https:\/\/yoast.com\/product\/yoast-seo-wordpress\/ -->\n<title>Pomoc spo\u0142eczna - Gminny O\u015brodek Pomocy Spo\u0142ecznej w Urszulinie<\/title>\n<meta name=\"robots\" content=\"index, follow, max-snippet:-1, max-image-preview:large, max-video-preview:-1\" \/>\n<link rel=\"canonical\" href=\"https:\/\/gops-urszulin.pl\/index.php\/pomoc-spoleczna\/\" \/>\n<meta property=\"og:locale\" content=\"pl_PL\" \/>\n<meta property=\"og:type\" content=\"article\" \/>\n<meta property=\"og:title\" content=\"Pomoc spo\u0142eczna - Gminny O\u015brodek Pomocy Spo\u0142ecznej w Urszulinie\" \/>\n<meta property=\"og:description\" content=\"Pomoc spo\u0142eczna jest instytucj\u0105 polityki spo\u0142ecznej pa\u0144stwa, maj\u0105c\u0105 na celu umo\u017cliwienie osobom i rodzinom przezwyci\u0119\u017canie trudnych sytuacji \u017cyciowych, kt\u00f3rych nie s\u0105 one [&hellip;]\" \/>\n<meta property=\"og:url\" content=\"https:\/\/gops-urszulin.pl\/index.php\/pomoc-spoleczna\/\" \/>\n<meta property=\"og:site_name\" content=\"Gminny O\u015brodek Pomocy Spo\u0142ecznej w Urszulinie\" \/>\n<meta property=\"article:modified_time\" content=\"2025-03-20T10:32:25+00:00\" \/>\n<meta name=\"twitter:card\" content=\"summary_large_image\" \/>\n<meta name=\"twitter:label1\" content=\"Szacowany czas czytania\" \/>\n\t<meta name=\"twitter:data1\" content=\"6 minut\" \/>\n<script type=\"application\/ld+json\" class=\"yoast-schema-graph\">{\"@context\":\"https:\\\/\\\/schema.org\",\"@graph\":[{\"@type\":\"WebPage\",\"@id\":\"https:\\\/\\\/gops-urszulin.pl\\\/index.php\\\/pomoc-spoleczna\\\/\",\"url\":\"https:\\\/\\\/gops-urszulin.pl\\\/index.php\\\/pomoc-spoleczna\\\/\",\"name\":\"Pomoc spo\u0142eczna - Gminny O\u015brodek Pomocy Spo\u0142ecznej w Urszulinie\",\"isPartOf\":{\"@id\":\"https:\\\/\\\/gops-urszulin.pl\\\/#website\"},\"datePublished\":\"2023-10-03T10:54:49+00:00\",\"dateModified\":\"2025-03-20T10:32:25+00:00\",\"breadcrumb\":{\"@id\":\"https:\\\/\\\/gops-urszulin.pl\\\/index.php\\\/pomoc-spoleczna\\\/#breadcrumb\"},\"inLanguage\":\"pl-PL\",\"potentialAction\":[{\"@type\":\"ReadAction\",\"target\":[\"https:\\\/\\\/gops-urszulin.pl\\\/index.php\\\/pomoc-spoleczna\\\/\"]}]},{\"@type\":\"BreadcrumbList\",\"@id\":\"https:\\\/\\\/gops-urszulin.pl\\\/index.php\\\/pomoc-spoleczna\\\/#breadcrumb\",\"itemListElement\":[{\"@type\":\"ListItem\",\"position\":1,\"name\":\"Strona g\u0142\u00f3wna\",\"item\":\"https:\\\/\\\/gops-urszulin.pl\\\/\"},{\"@type\":\"ListItem\",\"position\":2,\"name\":\"Pomoc spo\u0142eczna\"}]},{\"@type\":\"WebSite\",\"@id\":\"https:\\\/\\\/gops-urszulin.pl\\\/#website\",\"url\":\"https:\\\/\\\/gops-urszulin.pl\\\/\",\"name\":\"Gminny O\u015brodek Pomocy Spo\u0142ecznej w Urszulinie\",\"description\":\"\",\"potentialAction\":[{\"@type\":\"SearchAction\",\"target\":{\"@type\":\"EntryPoint\",\"urlTemplate\":\"https:\\\/\\\/gops-urszulin.pl\\\/?s={search_term_string}\"},\"query-input\":{\"@type\":\"PropertyValueSpecification\",\"valueRequired\":true,\"valueName\":\"search_term_string\"}}],\"inLanguage\":\"pl-PL\"}]}<\/script>\n<!-- \/ Yoast SEO plugin. -->","yoast_head_json":{"title":"Pomoc spo\u0142eczna - Gminny O\u015brodek Pomocy Spo\u0142ecznej w Urszulinie","robots":{"index":"index","follow":"follow","max-snippet":"max-snippet:-1","max-image-preview":"max-image-preview:large","max-video-preview":"max-video-preview:-1"},"canonical":"https:\/\/gops-urszulin.pl\/index.php\/pomoc-spoleczna\/","og_locale":"pl_PL","og_type":"article","og_title":"Pomoc spo\u0142eczna - Gminny O\u015brodek Pomocy Spo\u0142ecznej w Urszulinie","og_description":"Pomoc spo\u0142eczna jest instytucj\u0105 polityki spo\u0142ecznej pa\u0144stwa, maj\u0105c\u0105 na celu umo\u017cliwienie osobom i rodzinom przezwyci\u0119\u017canie trudnych sytuacji \u017cyciowych, kt\u00f3rych nie s\u0105 one [&hellip;]","og_url":"https:\/\/gops-urszulin.pl\/index.php\/pomoc-spoleczna\/","og_site_name":"Gminny O\u015brodek Pomocy Spo\u0142ecznej w Urszulinie","article_modified_time":"2025-03-20T10:32:25+00:00","twitter_card":"summary_large_image","twitter_misc":{"Szacowany czas czytania":"6 minut"},"schema":{"@context":"https:\/\/schema.org","@graph":[{"@type":"WebPage","@id":"https:\/\/gops-urszulin.pl\/index.php\/pomoc-spoleczna\/","url":"https:\/\/gops-urszulin.pl\/index.php\/pomoc-spoleczna\/","name":"Pomoc spo\u0142eczna - Gminny O\u015brodek Pomocy Spo\u0142ecznej w Urszulinie","isPartOf":{"@id":"https:\/\/gops-urszulin.pl\/#website"},"datePublished":"2023-10-03T10:54:49+00:00","dateModified":"2025-03-20T10:32:25+00:00","breadcrumb":{"@id":"https:\/\/gops-urszulin.pl\/index.php\/pomoc-spoleczna\/#breadcrumb"},"inLanguage":"pl-PL","potentialAction":[{"@type":"ReadAction","target":["https:\/\/gops-urszulin.pl\/index.php\/pomoc-spoleczna\/"]}]},{"@type":"BreadcrumbList","@id":"https:\/\/gops-urszulin.pl\/index.php\/pomoc-spoleczna\/#breadcrumb","itemListElement":[{"@type":"ListItem","position":1,"name":"Strona g\u0142\u00f3wna","item":"https:\/\/gops-urszulin.pl\/"},{"@type":"ListItem","position":2,"name":"Pomoc spo\u0142eczna"}]},{"@type":"WebSite","@id":"https:\/\/gops-urszulin.pl\/#website","url":"https:\/\/gops-urszulin.pl\/","name":"Gminny O\u015brodek Pomocy Spo\u0142ecznej w Urszulinie","description":"","potentialAction":[{"@type":"SearchAction","target":{"@type":"EntryPoint","urlTemplate":"https:\/\/gops-urszulin.pl\/?s={search_term_string}"},"query-input":{"@type":"PropertyValueSpecification","valueRequired":true,"valueName":"search_term_string"}}],"inLanguage":"pl-PL"}]}},"_links":{"self":[{"href":"https:\/\/gops-urszulin.pl\/index.php\/wp-json\/wp\/v2\/pages\/6","targetHints":{"allow":["GET"]}}],"collection":[{"href":"https:\/\/gops-urszulin.pl\/index.php\/wp-json\/wp\/v2\/pages"}],"about":[{"href":"https:\/\/gops-urszulin.pl\/index.php\/wp-json\/wp\/v2\/types\/page"}],"author":[{"embeddable":true,"href":"https:\/\/gops-urszulin.pl\/index.php\/wp-json\/wp\/v2\/users\/1"}],"replies":[{"embeddable":true,"href":"https:\/\/gops-urszulin.pl\/index.php\/wp-json\/wp\/v2\/comments?post=6"}],"version-history":[{"count":6,"href":"https:\/\/gops-urszulin.pl\/index.php\/wp-json\/wp\/v2\/pages\/6\/revisions"}],"predecessor-version":[{"id":1574,"href":"https:\/\/gops-urszulin.pl\/index.php\/wp-json\/wp\/v2\/pages\/6\/revisions\/1574"}],"wp:attachment":[{"href":"https:\/\/gops-urszulin.pl\/index.php\/wp-json\/wp\/v2\/media?parent=6"}],"curies":[{"name":"wp","href":"https:\/\/api.w.org\/{rel}","templated":true}]}}